{"id":31442,"date":"2024-05-21T14:07:56","date_gmt":"2024-05-21T12:07:56","guid":{"rendered":"https:\/\/www.geneva-lawyers.com\/derecho-de-visita\/"},"modified":"2025-04-14T14:40:20","modified_gmt":"2025-04-14T12:40:20","slug":"derecho-visita","status":"publish","type":"page","link":"https:\/\/www.geneva-lawyers.com\/es\/derecho-visita\/","title":{"rendered":"Derecho de visita"},"content":{"rendered":"\t\t<div data-elementor-type=\"wp-page\" data-elementor-id=\"31442\" class=\"elementor elementor-31442 elementor-29037\" data-elementor-post-type=\"page\">\n\t\t\t\t\t\t<section class=\"elementor-section elementor-top-section elementor-element elementor-element-5ad286bb elementor-section-boxed elementor-section-height-default elementor-section-height-default\" data-id=\"5ad286bb\" data-element_type=\"section\" data-e-type=\"section\" data-settings=\"{&quot;background_background&quot;:&quot;classic&quot;}\">\n\t\t\t\t\t\t\t<div class=\"elementor-background-overlay\"><\/div>\n\t\t\t\t\t\t\t<div class=\"elementor-container elementor-column-gap-default\">\n\t\t\t\t\t<div class=\"elementor-column elementor-col-100 elementor-top-column elementor-element elementor-element-24055015\" data-id=\"24055015\" data-element_type=\"column\" data-e-type=\"column\">\n\t\t\t<div class=\"elementor-widget-wrap elementor-element-populated\">\n\t\t\t\t\t\t<div class=\"elementor-element elementor-element-7ba430d9 elementor-widget-divider--view-line elementor-widget elementor-widget-divider\" data-id=\"7ba430d9\" data-element_type=\"widget\" data-e-type=\"widget\" data-widget_type=\"divider.default\">\n\t\t\t\t<div class=\"elementor-widget-container\">\n\t\t\t\t\t\t\t<div class=\"elementor-divider\">\n\t\t\t<span class=\"elementor-divider-separator\">\n\t\t\t\t\t\t<\/span>\n\t\t<\/div>\n\t\t\t\t\t\t<\/div>\n\t\t\t\t<\/div>\n\t\t\t\t<div class=\"elementor-element elementor-element-74c737b8 elementor-align-center elementor-widget elementor-widget-button\" data-id=\"74c737b8\" data-element_type=\"widget\" data-e-type=\"widget\" data-widget_type=\"button.default\">\n\t\t\t\t<div class=\"elementor-widget-container\">\n\t\t\t\t\t\t\t\t\t<div class=\"elementor-button-wrapper\">\n\t\t\t\t\t<a class=\"elementor-button elementor-button-link elementor-size-sm\" href=\"https:\/\/www.geneva-lawyers.com\/es\/contacto\/\">\n\t\t\t\t\t\t<span class=\"elementor-button-content-wrapper\">\n\t\t\t\t\t\t\t\t\t<span class=\"elementor-button-text\">Pide cita con un abogado<\/span>\n\t\t\t\t\t<\/span>\n\t\t\t\t\t<\/a>\n\t\t\t\t<\/div>\n\t\t\t\t\t\t\t\t<\/div>\n\t\t\t\t<\/div>\n\t\t\t\t\t<\/div>\n\t\t<\/div>\n\t\t\t\t\t<\/div>\n\t\t<\/section>\n\t\t\t\t<section class=\"elementor-section elementor-top-section elementor-element elementor-element-1f032299 elementor-section-boxed elementor-section-height-default elementor-section-height-default\" data-id=\"1f032299\" data-element_type=\"section\" data-e-type=\"section\">\n\t\t\t\t\t\t<div class=\"elementor-container elementor-column-gap-default\">\n\t\t\t\t\t<div class=\"elementor-column elementor-col-100 elementor-top-column elementor-element elementor-element-6e7ee4f0\" data-id=\"6e7ee4f0\" data-element_type=\"column\" data-e-type=\"column\">\n\t\t\t<div class=\"elementor-widget-wrap elementor-element-populated\">\n\t\t\t\t\t\t<div class=\"elementor-element elementor-element-4a506841 elementor-widget elementor-widget-heading\" data-id=\"4a506841\" data-element_type=\"widget\" data-e-type=\"widget\" data-widget_type=\"heading.default\">\n\t\t\t\t<div class=\"elementor-widget-container\">\n\t\t\t\t\t<h2 class=\"elementor-heading-title elementor-size-default\">Derecho de visita\n<\/h2>\t\t\t\t<\/div>\n\t\t\t\t<\/div>\n\t\t\t\t<div class=\"elementor-element elementor-element-79a0351 elementor-widget-divider--view-line elementor-widget elementor-widget-divider\" data-id=\"79a0351\" data-element_type=\"widget\" data-e-type=\"widget\" data-widget_type=\"divider.default\">\n\t\t\t\t<div class=\"elementor-widget-container\">\n\t\t\t\t\t\t\t<div class=\"elementor-divider\">\n\t\t\t<span class=\"elementor-divider-separator\">\n\t\t\t\t\t\t<\/span>\n\t\t<\/div>\n\t\t\t\t\t\t<\/div>\n\t\t\t\t<\/div>\n\t\t\t\t<div class=\"elementor-element elementor-element-8b8576b elementor-widget elementor-widget-text-editor\" data-id=\"8b8576b\" data-element_type=\"widget\" data-e-type=\"widget\" data-widget_type=\"text-editor.default\">\n\t\t\t\t<div class=\"elementor-widget-container\">\n\t\t\t\t\t\t\t\t\t<h2>La importancia del derecho de visita<\/h2><p>El derecho de visita ocupa un lugar importante en el ordenamiento jur\u00eddico suizo desde hace muchos a\u00f1os. Hist\u00f3rica y socialmente, estos derechos han evolucionado en respuesta a los cambios en las estructuras familiares y las actitudes sociales respecto a las funciones de padres e hijos. En el pasado, la separaci\u00f3n o el divorcio sol\u00edan conllevar la ruptura de las relaciones entre el progenitor no custodio y su hijo. Sin embargo, con la evoluci\u00f3n de las normas sociales y el reconocimiento de la importancia de mantener las relaciones con ambos progenitores, la legislaci\u00f3n suiza ha ido incluyendo progresivamente disposiciones para garantizar la continuidad de estas relaciones.   <\/p><p>En el contexto del divorcio o la separaci\u00f3n, los derechos de visita son cruciales, ya que permiten al menor mantener una relaci\u00f3n significativa con el progenitor que no tiene la custodia. Los estudios han demostrado que el mantenimiento de estas relaciones puede repercutir positivamente en el bienestar del menor y contribuir a su desarrollo equilibrado. En consecuencia, los tribunales suizos, as\u00ed como los padres, prestan especial atenci\u00f3n al establecimiento de un r\u00e9gimen de visitas que sirva lo mejor posible a los intereses del menor.  <\/p><h2>Definici\u00f3n del derecho de visita<\/h2><p>El derecho de visita es un concepto clave en el derecho de familia suizo, que requiere una definici\u00f3n y un alcance claros. Son distintos del derecho de custodia, aunque a menudo se discuten juntos. Mientras que los derechos de custodia se refieren a la responsabilidad principal sobre el menor, incluidas las decisiones sobre educaci\u00f3n y bienestar, los derechos de visita se refieren espec\u00edficamente a la capacidad del progenitor que no tiene la custodia de pasar tiempo con el menor.  <\/p><p>Esta distinci\u00f3n es esencial, ya que reconoce que, aunque un progenitor no tenga la custodia principal, sigue teniendo un papel importante en la vida del menor. As\u00ed pues, el derecho de visita sirve como mecanismo legal para mantener y alimentar la relaci\u00f3n paterno-filial tras la separaci\u00f3n o el divorcio. <\/p><p>Los principales interesados en el derecho de visita son los padres, los hijos y las autoridades competentes, incluidos los tribunales. El marco jur\u00eddico lo establece principalmente el art\u00edculo 273 del C\u00f3digo Civil suizo (CC), que esboza los principios rectores del ejercicio de estos derechos. Establece que el progenitor que no tiene la custodia tiene derecho a visitar al menor, salvo que sea contrario al inter\u00e9s superior de \u00e9ste.  <\/p><p>La definici\u00f3n y aplicaci\u00f3n de los derechos de visita en Suiza se rigen por la intenci\u00f3n de preservar la relaci\u00f3n entre el menor y el progenitor no custodio, garantizando al mismo tiempo que el inter\u00e9s superior del menor siga siendo primordial.<\/p><h2>Asignaci\u00f3n de derechos de visita<\/h2><p>La asignaci\u00f3n del derecho de visita en Suiza es una cuesti\u00f3n compleja, que requiere un an\u00e1lisis delicado e individualizado de cada situaci\u00f3n familiar. A diferencia de un derecho r\u00edgido y uniforme, la asignaci\u00f3n del derecho de visita suele adaptarse a las circunstancias espec\u00edficas de cada familia. Los criterios para determinar los derechos de visita pueden incluir consideraciones como la edad del menor, la distancia geogr\u00e1fica entre las residencias de los padres, la capacidad del progenitor no custodio para cuidar del menor y los deseos del menor, si tiene edad para expresarlos.  <\/p><p>En Suiza, el reparto de las visitas puede determinarse mediante un acuerdo privado entre los progenitores o mediante intervenci\u00f3n judicial. Se anima a los padres a encontrar una soluci\u00f3n mutua que tenga en cuenta las necesidades e intereses del menor. Sin embargo, si no es posible llegar a un acuerdo amistoso, los tribunales pueden intervenir para establecer un r\u00e9gimen de visitas. En estos casos, la decisi\u00f3n se basa en el inter\u00e9s superior del menor, principio rector del derecho de familia suizo.   <\/p><p>El r\u00e9gimen de visitas puede clasificarse como ordinario o extraordinario. La asignaci\u00f3n ordinaria suele referirse a un r\u00e9gimen de visitas regular y estructurado, a menudo establecido durante la separaci\u00f3n o el divorcio. La asignaci\u00f3n extraordinaria puede darse en situaciones m\u00e1s complejas, en las que circunstancias excepcionales hacen necesaria una adaptaci\u00f3n o modificaci\u00f3n del r\u00e9gimen de visitas est\u00e1ndar.  <\/p><h2>La opini\u00f3n del ni\u00f1o<\/h2><p>La opini\u00f3n del menor desempe\u00f1a un papel importante a la hora de determinar los derechos de visita en Suiza. Este planteamiento se ajusta a la Convenci\u00f3n de las Naciones Unidas sobre los Derechos del Ni\u00f1o, que estipula que los ni\u00f1os capaces de formarse sus propias opiniones tienen derecho a expresarlas en todos los asuntos que les afecten. <\/p><p>En Suiza, no hay una edad legalmente fijada a partir de la cual se considere que un ni\u00f1o tiene el discernimiento necesario para expresar una opini\u00f3n v\u00e1lida. En su lugar, la capacidad del menor para formarse una opini\u00f3n con conocimiento de causa se eval\u00faa caso por caso. Los jueces, a menudo asistidos por expertos, eval\u00faan si el menor tiene suficiente discernimiento y si su opini\u00f3n puede tenerse en cuenta en la decisi\u00f3n sobre el r\u00e9gimen de visitas.  <\/p><p>Los m\u00e9todos para recabar la opini\u00f3n del menor pueden variar y pueden incluir entrevistas con un juez, un psic\u00f3logo o un mediador familiar. El objetivo es crear un entorno en el que el menor pueda expresarse libremente, sin presiones ni influencias indebidas de los padres u otros adultos. <\/p><p>Aunque la opini\u00f3n del menor se tiene en cuenta, no es necesariamente decisiva. El juez debe sopesar la opini\u00f3n del menor frente a otros factores, como el bienestar general del menor, la capacidad del progenitor para satisfacer las necesidades del menor y la continuidad y estabilidad de las relaciones. La opini\u00f3n del menor se integra en una evaluaci\u00f3n m\u00e1s amplia del inter\u00e9s superior del menor.  <\/p><p>Sin embargo, este enfoque no est\u00e1 exento de cr\u00edticas. Algunos cuestionan la capacidad del menor para expresar una opini\u00f3n imparcial, especialmente en contextos en los que los padres pueden tener intereses contrapuestos. Otros subrayan la importancia de proteger al menor de posibles presiones para que elija entre sus progenitores.  <\/p><h2>Cercan\u00eda personal (art\u00edculo 273 CC)<\/h2><p>El art\u00edculo 273 del C\u00f3digo Civil suizo establece la noci\u00f3n de cercan\u00eda personal como principio fundamental para regular el derecho de visita. Este concepto reconoce que mantener una relaci\u00f3n estrecha y continua entre el menor y el progenitor no custodio es esencial para el bienestar emocional y el desarrollo del menor. <\/p><p>La proximidad personal va m\u00e1s all\u00e1 de la mera interacci\u00f3n f\u00edsica o presencia en la vida del ni\u00f1o. Abarca una relaci\u00f3n m\u00e1s profunda caracterizada por el afecto, la comprensi\u00f3n, la comunicaci\u00f3n y el apoyo. Puede incluir la participaci\u00f3n en actividades compartidas, la creaci\u00f3n de recuerdos duraderos y la construcci\u00f3n de una relaci\u00f3n de confianza y respeto mutuo.  <\/p><p>El principio de proximidad personal gu\u00eda la organizaci\u00f3n y aplicaci\u00f3n de los derechos de visita. Fomenta acuerdos que permitan al progenitor no custodio desempe\u00f1ar un papel activo y significativo en la vida del menor, aunque no resida con \u00e9l. La frecuencia y duraci\u00f3n de las visitas, los acuerdos sobre vacaciones y ocasiones especiales y otros aspectos de las visitas est\u00e1n dise\u00f1ados para fomentar y mantener esta cercan\u00eda.  <\/p><p>Al mismo tiempo, la cercan\u00eda personal debe equilibrarse con otras consideraciones importantes, como el entorno vital estable del menor y la capacidad del progenitor no custodio para ejercer el r\u00e9gimen de visitas de modo que apoye el inter\u00e9s superior del menor. Si el progenitor no custodio no puede mantener una relaci\u00f3n sana y positiva con el menor, o si la cercan\u00eda personal se ve comprometida por otros factores, puede ajustarse el r\u00e9gimen de visitas. <\/p><h2>Restricci\u00f3n y cese del derecho de visita<\/h2><p>Restringir o poner fin a los derechos de visita son medidas serias que s\u00f3lo se adoptan en circunstancias excepcionales. Estas medidas se rigen por el principio del inter\u00e9s superior del menor, que es fundamental en el Derecho de familia suizo. <\/p><p>El derecho de visita puede restringirse cuando las visitas sin restricciones sean perjudiciales para el menor. Esta restricci\u00f3n puede ser temporal o permanente y puede adoptar diversas formas, como reducir la frecuencia de las visitas, exigir visitas supervisadas o imponer determinadas condiciones durante las visitas. Suele utilizarse en respuesta a problemas como la negligencia o el incumplimiento de las normas sobre visitas.  <\/p><p>El cese, una medida a\u00fan m\u00e1s extrema, se produce cuando la continuaci\u00f3n de las visitas supone un grave peligro para el menor, como en casos de violencia o malos tratos. El cese del derecho de visita significa que el progenitor que no tiene la custodia pierde por completo el derecho legal a ver al menor. Al igual que las restricciones, el cese no se toma a la ligera y requiere una evaluaci\u00f3n exhaustiva y una justificaci\u00f3n s\u00f3lida.  <\/p><p>En conclusi\u00f3n, aunque los derechos de visita son un principio fundamental del derecho de familia suizo, pueden restringirse o incluso suprimirse en determinadas circunstancias. Estas medidas se adoptan con gran cautela y siempre se gu\u00edan por el inter\u00e9s superior del menor. Reflejan una comprensi\u00f3n matizada de la necesidad de equilibrar el derecho del progenitor no custodio a mantener una relaci\u00f3n con el menor y la responsabilidad primordial de proteger la salud, la seguridad y el bienestar del menor.  <\/p>\t\t\t\t\t\t\t\t<\/div>\n\t\t\t\t<\/div>\n\t\t\t\t\t<\/div>\n\t\t<\/div>\n\t\t\t\t\t<\/div>\n\t\t<\/section>\n\t\t\t\t<section class=\"elementor-section elementor-top-section elementor-element elementor-element-2d91672d elementor-section-full_width elementor-section-height-min-height elementor-section-items-stretch elementor-section-content-middle elementor-section-height-default\" data-id=\"2d91672d\" data-element_type=\"section\" data-e-type=\"section\" data-settings=\"{&quot;background_background&quot;:&quot;classic&quot;}\">\n\t\t\t\t\t\t<div class=\"elementor-container elementor-column-gap-no\">\n\t\t\t\t\t<div class=\"elementor-column elementor-col-50 elementor-top-column elementor-element elementor-element-34b3c3a5\" data-id=\"34b3c3a5\" data-element_type=\"column\" data-e-type=\"column\" data-settings=\"{&quot;background_background&quot;:&quot;classic&quot;}\">\n\t\t\t<div class=\"elementor-widget-wrap elementor-element-populated\">\n\t\t\t\t\t\t<div class=\"elementor-element elementor-element-2cf10020 elementor-widget elementor-widget-spacer\" data-id=\"2cf10020\" data-element_type=\"widget\" data-e-type=\"widget\" data-widget_type=\"spacer.default\">\n\t\t\t\t<div class=\"elementor-widget-container\">\n\t\t\t\t\t\t\t<div class=\"elementor-spacer\">\n\t\t\t<div class=\"elementor-spacer-inner\"><\/div>\n\t\t<\/div>\n\t\t\t\t\t\t<\/div>\n\t\t\t\t<\/div>\n\t\t\t\t\t<\/div>\n\t\t<\/div>\n\t\t\t\t<div class=\"elementor-column elementor-col-50 elementor-top-column elementor-element elementor-element-3c55ea75\" data-id=\"3c55ea75\" data-element_type=\"column\" data-e-type=\"column\" data-settings=\"{&quot;background_background&quot;:&quot;classic&quot;}\">\n\t\t\t<div class=\"elementor-widget-wrap elementor-element-populated\">\n\t\t\t\t\t\t<div class=\"elementor-element elementor-element-7d0e217d elementor-widget elementor-widget-heading\" data-id=\"7d0e217d\" data-element_type=\"widget\" data-e-type=\"widget\" data-widget_type=\"heading.default\">\n\t\t\t\t<div class=\"elementor-widget-container\">\n\t\t\t\t\t<p class=\"elementor-heading-title elementor-size-default\">Consulta inicial  <\/p>\t\t\t\t<\/div>\n\t\t\t\t<\/div>\n\t\t\t\t<div class=\"elementor-element elementor-element-59116632 elementor-widget elementor-widget-heading\" data-id=\"59116632\" data-element_type=\"widget\" data-e-type=\"widget\" data-widget_type=\"heading.default\">\n\t\t\t\t<div class=\"elementor-widget-container\">\n\t\t\t\t\t<p class=\"elementor-heading-title elementor-size-default\">de 60 min a 220,00 CHF<\/p>\t\t\t\t<\/div>\n\t\t\t\t<\/div>\n\t\t\t\t<div class=\"elementor-element elementor-element-165a0a0f elementor-widget elementor-widget-text-editor\" data-id=\"165a0a0f\" data-element_type=\"widget\" data-e-type=\"widget\" data-widget_type=\"text-editor.default\">\n\t\t\t\t<div class=\"elementor-widget-container\">\n\t\t\t\t\t\t\t\t\tDiscute tu situaci\u00f3n con un abogado especializado en Suiza.\n\t\t\t\t\t\t\t\t<\/div>\n\t\t\t\t<\/div>\n\t\t\t\t<div class=\"elementor-element elementor-element-4ed99b13 elementor-widget-divider--view-line elementor-widget elementor-widget-divider\" data-id=\"4ed99b13\" data-element_type=\"widget\" data-e-type=\"widget\" data-widget_type=\"divider.default\">\n\t\t\t\t<div class=\"elementor-widget-container\">\n\t\t\t\t\t\t\t<div class=\"elementor-divider\">\n\t\t\t<span class=\"elementor-divider-separator\">\n\t\t\t\t\t\t<\/span>\n\t\t<\/div>\n\t\t\t\t\t\t<\/div>\n\t\t\t\t<\/div>\n\t\t\t\t<div class=\"elementor-element elementor-element-75fb7ecd elementor-widget elementor-widget-text-editor\" data-id=\"75fb7ecd\" data-element_type=\"widget\" data-e-type=\"widget\" data-widget_type=\"text-editor.default\">\n\t\t\t\t<div class=\"elementor-widget-container\">\n\t\t\t\t\t\t\t\t\t<p>\u00bfS\u00f3lo buscas una cita para hacer algunas preguntas?<br>\u00bfNo est\u00e1s seguro de los procedimientos que deseas realizar?<br>\u00bfTu situaci\u00f3n no est\u00e1 clara?<\/p><p><strong>Opta por una primera consulta con un abogado en Ginebra.<\/strong><\/p><p>Entonces decidir\u00e1s si quieres seguir adelante y nuestros abogados te dar\u00e1n el coste del procedimiento seg\u00fan tu caso. Citas disponibles en persona o por videoconferencia. <strong><br><\/strong><\/p>\t\t\t\t\t\t\t\t<\/div>\n\t\t\t\t<\/div>\n\t\t\t\t<div class=\"elementor-element elementor-element-6439a075 elementor-align-center elementor-widget elementor-widget-button\" data-id=\"6439a075\" data-element_type=\"widget\" data-e-type=\"widget\" data-widget_type=\"button.default\">\n\t\t\t\t<div class=\"elementor-widget-container\">\n\t\t\t\t\t\t\t\t\t<div class=\"elementor-button-wrapper\">\n\t\t\t\t\t<a class=\"elementor-button elementor-button-link elementor-size-sm\" href=\"https:\/\/www.geneva-lawyers.com\/es\/contacto\/\">\n\t\t\t\t\t\t<span class=\"elementor-button-content-wrapper\">\n\t\t\t\t\t\t\t\t\t<span class=\"elementor-button-text\">Pide cita con un abogado<\/span>\n\t\t\t\t\t<\/span>\n\t\t\t\t\t<\/a>\n\t\t\t\t<\/div>\n\t\t\t\t\t\t\t\t<\/div>\n\t\t\t\t<\/div>\n\t\t\t\t\t<\/div>\n\t\t<\/div>\n\t\t\t\t\t<\/div>\n\t\t<\/section>\n\t\t\t\t<\/div>\n\t\t","protected":false},"excerpt":{"rendered":"<p>Pide cita con un abogado Derecho de visita La importancia del derecho de visita El derecho de visita ocupa un lugar importante en el ordenamiento jur\u00eddico suizo desde hace muchos a\u00f1os. Hist\u00f3rica y socialmente, estos derechos han evolucionado en respuesta a los cambios en las estructuras familiares y las actitudes sociales respecto a las funciones &#8230; <a title=\"Derecho de visita\" class=\"read-more\" href=\"https:\/\/www.geneva-lawyers.com\/es\/derecho-visita\/\" aria-label=\"Leer m\u00e1s sobre Derecho de visita\">Leer m\u00e1s<\/a><\/p>\n","protected":false},"author":1,"featured_media":0,"parent":0,"menu_order":0,"comment_status":"closed","ping_status":"closed","template":"elementor_header_footer","meta":{"_acf_changed":false,"_seopress_robots_primary_cat":"","_seopress_titles_title":"","_seopress_titles_desc":"","_seopress_robots_index":"","footnotes":""},"class_list":["post-31442","page","type-page","status-publish"],"acf":[],"_links":{"self":[{"href":"https:\/\/www.geneva-lawyers.com\/es\/wp-json\/wp\/v2\/pages\/31442","targetHints":{"allow":["GET"]}}],"collection":[{"href":"https:\/\/www.geneva-lawyers.com\/es\/wp-json\/wp\/v2\/pages"}],"about":[{"href":"https:\/\/www.geneva-lawyers.com\/es\/wp-json\/wp\/v2\/types\/page"}],"author":[{"embeddable":true,"href":"https:\/\/www.geneva-lawyers.com\/es\/wp-json\/wp\/v2\/users\/1"}],"replies":[{"embeddable":true,"href":"https:\/\/www.geneva-lawyers.com\/es\/wp-json\/wp\/v2\/comments?post=31442"}],"version-history":[{"count":6,"href":"https:\/\/www.geneva-lawyers.com\/es\/wp-json\/wp\/v2\/pages\/31442\/revisions"}],"predecessor-version":[{"id":33726,"href":"https:\/\/www.geneva-lawyers.com\/es\/wp-json\/wp\/v2\/pages\/31442\/revisions\/33726"}],"wp:attachment":[{"href":"https:\/\/www.geneva-lawyers.com\/es\/wp-json\/wp\/v2\/media?parent=31442"}],"curies":[{"name":"wp","href":"https:\/\/api.w.org\/{rel}","templated":true}]}}