{"id":30687,"date":"2024-05-21T15:39:05","date_gmt":"2024-05-21T13:39:05","guid":{"rendered":"https:\/\/www.geneva-lawyers.com\/avvocato-di-diritto-del-lavoro-in-svizzera\/"},"modified":"2025-04-14T15:39:45","modified_gmt":"2025-04-14T13:39:45","slug":"avvocato-diritto-lavoro-svizzera","status":"publish","type":"page","link":"https:\/\/www.geneva-lawyers.com\/it\/avvocato-diritto-lavoro-svizzera\/","title":{"rendered":"Avvocato di diritto del lavoro in Svizzera"},"content":{"rendered":"\t\t<div data-elementor-type=\"wp-page\" data-elementor-id=\"30687\" class=\"elementor elementor-30687 elementor-29102\" data-elementor-post-type=\"page\">\n\t\t\t\t\t\t<section class=\"elementor-section elementor-top-section elementor-element elementor-element-1f5b949c elementor-section-boxed elementor-section-height-default elementor-section-height-default\" data-id=\"1f5b949c\" data-element_type=\"section\" data-e-type=\"section\" data-settings=\"{&quot;background_background&quot;:&quot;classic&quot;}\">\n\t\t\t\t\t\t\t<div class=\"elementor-background-overlay\"><\/div>\n\t\t\t\t\t\t\t<div class=\"elementor-container elementor-column-gap-default\">\n\t\t\t\t\t<div class=\"elementor-column elementor-col-100 elementor-top-column elementor-element elementor-element-cc635c6\" data-id=\"cc635c6\" data-element_type=\"column\" data-e-type=\"column\">\n\t\t\t<div class=\"elementor-widget-wrap elementor-element-populated\">\n\t\t\t\t\t\t<div class=\"elementor-element elementor-element-47ef7e00 elementor-widget-divider--view-line elementor-widget elementor-widget-divider\" data-id=\"47ef7e00\" data-element_type=\"widget\" data-e-type=\"widget\" data-widget_type=\"divider.default\">\n\t\t\t\t<div class=\"elementor-widget-container\">\n\t\t\t\t\t\t\t<div class=\"elementor-divider\">\n\t\t\t<span class=\"elementor-divider-separator\">\n\t\t\t\t\t\t<\/span>\n\t\t<\/div>\n\t\t\t\t\t\t<\/div>\n\t\t\t\t<\/div>\n\t\t\t\t<div class=\"elementor-element elementor-element-f556b07 elementor-align-center elementor-widget elementor-widget-button\" data-id=\"f556b07\" data-element_type=\"widget\" data-e-type=\"widget\" data-widget_type=\"button.default\">\n\t\t\t\t<div class=\"elementor-widget-container\">\n\t\t\t\t\t\t\t\t\t<div class=\"elementor-button-wrapper\">\n\t\t\t\t\t<a class=\"elementor-button elementor-button-link elementor-size-sm\" href=\"https:\/\/www.geneva-lawyers.com\/it\/contatto\/\">\n\t\t\t\t\t\t<span class=\"elementor-button-content-wrapper\">\n\t\t\t\t\t\t\t\t\t<span class=\"elementor-button-text\">Fissa un appuntamento con un avvocato<\/span>\n\t\t\t\t\t<\/span>\n\t\t\t\t\t<\/a>\n\t\t\t\t<\/div>\n\t\t\t\t\t\t\t\t<\/div>\n\t\t\t\t<\/div>\n\t\t\t\t\t<\/div>\n\t\t<\/div>\n\t\t\t\t\t<\/div>\n\t\t<\/section>\n\t\t\t\t<section class=\"elementor-section elementor-top-section elementor-element elementor-element-c4f6c80 elementor-section-boxed elementor-section-height-default elementor-section-height-default\" data-id=\"c4f6c80\" data-element_type=\"section\" data-e-type=\"section\">\n\t\t\t\t\t\t<div class=\"elementor-container elementor-column-gap-default\">\n\t\t\t\t\t<div class=\"elementor-column elementor-col-100 elementor-top-column elementor-element elementor-element-5f9248da\" data-id=\"5f9248da\" data-element_type=\"column\" data-e-type=\"column\">\n\t\t\t<div class=\"elementor-widget-wrap elementor-element-populated\">\n\t\t\t\t\t\t<div class=\"elementor-element elementor-element-2f37c277 elementor-widget elementor-widget-heading\" data-id=\"2f37c277\" data-element_type=\"widget\" data-e-type=\"widget\" data-widget_type=\"heading.default\">\n\t\t\t\t<div class=\"elementor-widget-container\">\n\t\t\t\t\t<h2 class=\"elementor-heading-title elementor-size-default\">Avvocato in diritto del lavoro a Ginevra\n<\/h2>\t\t\t\t<\/div>\n\t\t\t\t<\/div>\n\t\t\t\t<div class=\"elementor-element elementor-element-39bae621 elementor-widget-divider--view-line elementor-widget elementor-widget-divider\" data-id=\"39bae621\" data-element_type=\"widget\" data-e-type=\"widget\" data-widget_type=\"divider.default\">\n\t\t\t\t<div class=\"elementor-widget-container\">\n\t\t\t\t\t\t\t<div class=\"elementor-divider\">\n\t\t\t<span class=\"elementor-divider-separator\">\n\t\t\t\t\t\t<\/span>\n\t\t<\/div>\n\t\t\t\t\t\t<\/div>\n\t\t\t\t<\/div>\n\t\t\t\t<div class=\"elementor-element elementor-element-3a6a5e3d elementor-widget elementor-widget-text-editor\" data-id=\"3a6a5e3d\" data-element_type=\"widget\" data-e-type=\"widget\" data-widget_type=\"text-editor.default\">\n\t\t\t\t<div class=\"elementor-widget-container\">\n\t\t\t\t\t\t\t\t\t<p>Il diritto del lavoro comprende tutte le norme che regolano i rapporti contrattuali tra i dipendenti e i loro datori di lavoro.<\/p><p>Esiste un contratto di lavoro quando il rapporto tra chi assegna il compito e chi lo esegue \u00e8 caratterizzato da un legame di subordinazione, in base al quale l&#8217;esecutore del compito deve attenersi alle direttive del cedente.<\/p><p>Quest&#8217;area della legge definisce:<\/p><ul><li>I vari tipi di contratti di lavoro che i datori di lavoro possono offrire ai propri dipendenti (ad esempio, contratti a tempo determinato o indeterminato).<\/li><li>Regolamenti sull&#8217;orario di lavoro<\/li><li>Regole relative all&#8217;igiene, alla sicurezza e alle condizioni di lavoro.<\/li><li>Metodi di calcolo dei compensi per i dipendenti che effettuano ore di lavoro straordinario<\/li><li>Le condizioni in cui pu\u00f2 essere deciso il licenziamento e quelle applicabili ai licenziamenti consensuali<\/li><li>Sanzioni penali per cattiva condotta nei confronti di un dipendente (incluse le molestie morali)<\/li><li>Il funzionamento dei tribunali del lavoro, che sono specializzati nella risoluzione delle controversie tra dipendenti e datori di lavoro.<\/li><\/ul><h2>Avvocato in diritto del lavoro a Ginevra<\/h2><p>Se hai una controversia con il tuo datore di lavoro, un avvocato giuslavorista \u00e8 la persona pi\u00f9 qualificata per difendere i tuoi interessi. Un avvocato giuslavorista pu\u00f2 comunicare efficacemente al tuo datore di lavoro i torti legali che ha commesso e le conseguenze a cui pu\u00f2 andare incontro, soprattutto se le accuse riguardano atti criminali punibili con la reclusione. Lo stesso vale se sei un datore di lavoro che ha a che fare con problemi che coinvolgono un dipendente.  <\/p>\t\t\t\t\t\t\t\t<\/div>\n\t\t\t\t<\/div>\n\t\t\t\t\t<\/div>\n\t\t<\/div>\n\t\t\t\t\t<\/div>\n\t\t<\/section>\n\t\t\t\t<section class=\"elementor-section elementor-top-section elementor-element elementor-element-546dfc69 elementor-section-full_width elementor-section-height-min-height elementor-section-items-stretch elementor-section-content-middle elementor-section-height-default\" data-id=\"546dfc69\" data-element_type=\"section\" data-e-type=\"section\" data-settings=\"{&quot;background_background&quot;:&quot;classic&quot;}\">\n\t\t\t\t\t\t<div class=\"elementor-container elementor-column-gap-no\">\n\t\t\t\t\t<div class=\"elementor-column elementor-col-50 elementor-top-column elementor-element elementor-element-b58645\" data-id=\"b58645\" data-element_type=\"column\" data-e-type=\"column\" data-settings=\"{&quot;background_background&quot;:&quot;classic&quot;}\">\n\t\t\t<div class=\"elementor-widget-wrap elementor-element-populated\">\n\t\t\t\t\t\t<div class=\"elementor-element elementor-element-7423c03a elementor-widget elementor-widget-spacer\" data-id=\"7423c03a\" data-element_type=\"widget\" data-e-type=\"widget\" data-widget_type=\"spacer.default\">\n\t\t\t\t<div class=\"elementor-widget-container\">\n\t\t\t\t\t\t\t<div class=\"elementor-spacer\">\n\t\t\t<div class=\"elementor-spacer-inner\"><\/div>\n\t\t<\/div>\n\t\t\t\t\t\t<\/div>\n\t\t\t\t<\/div>\n\t\t\t\t\t<\/div>\n\t\t<\/div>\n\t\t\t\t<div class=\"elementor-column elementor-col-50 elementor-top-column elementor-element elementor-element-139d5457\" data-id=\"139d5457\" data-element_type=\"column\" data-e-type=\"column\" data-settings=\"{&quot;background_background&quot;:&quot;classic&quot;}\">\n\t\t\t<div class=\"elementor-widget-wrap elementor-element-populated\">\n\t\t\t\t\t\t<div class=\"elementor-element elementor-element-4861ad8c elementor-widget elementor-widget-heading\" data-id=\"4861ad8c\" data-element_type=\"widget\" data-e-type=\"widget\" data-widget_type=\"heading.default\">\n\t\t\t\t<div class=\"elementor-widget-container\">\n\t\t\t\t\t<p class=\"elementor-heading-title elementor-size-default\">Consultazione iniziale  <\/p>\t\t\t\t<\/div>\n\t\t\t\t<\/div>\n\t\t\t\t<div class=\"elementor-element elementor-element-515ade1d elementor-widget elementor-widget-heading\" data-id=\"515ade1d\" data-element_type=\"widget\" data-e-type=\"widget\" data-widget_type=\"heading.default\">\n\t\t\t\t<div class=\"elementor-widget-container\">\n\t\t\t\t\t<p class=\"elementor-heading-title elementor-size-default\">da 60 min a CHF 220,00<\/p>\t\t\t\t<\/div>\n\t\t\t\t<\/div>\n\t\t\t\t<div class=\"elementor-element elementor-element-22efee15 elementor-widget elementor-widget-text-editor\" data-id=\"22efee15\" data-element_type=\"widget\" data-e-type=\"widget\" data-widget_type=\"text-editor.default\">\n\t\t\t\t<div class=\"elementor-widget-container\">\n\t\t\t\t\t\t\t\t\tDiscuti la tua situazione con un avvocato specializzato in Svizzera.\n\t\t\t\t\t\t\t\t<\/div>\n\t\t\t\t<\/div>\n\t\t\t\t<div class=\"elementor-element elementor-element-69b321ff elementor-widget-divider--view-line elementor-widget elementor-widget-divider\" data-id=\"69b321ff\" data-element_type=\"widget\" data-e-type=\"widget\" data-widget_type=\"divider.default\">\n\t\t\t\t<div class=\"elementor-widget-container\">\n\t\t\t\t\t\t\t<div class=\"elementor-divider\">\n\t\t\t<span class=\"elementor-divider-separator\">\n\t\t\t\t\t\t<\/span>\n\t\t<\/div>\n\t\t\t\t\t\t<\/div>\n\t\t\t\t<\/div>\n\t\t\t\t<div class=\"elementor-element elementor-element-2a0ada8c elementor-widget elementor-widget-text-editor\" data-id=\"2a0ada8c\" data-element_type=\"widget\" data-e-type=\"widget\" data-widget_type=\"text-editor.default\">\n\t\t\t\t<div class=\"elementor-widget-container\">\n\t\t\t\t\t\t\t\t\t<p>Stai cercando un appuntamento solo per fare qualche domanda?<br>Non sei sicuro delle procedure che vuoi intraprendere?<br>La tua situazione non \u00e8 chiara?<\/p><p><strong>Opta per una prima consultazione con un avvocato a Ginevra.<\/strong><\/p><p>Deciderai quindi se procedere e i nostri avvocati ti indicheranno il costo della procedura in base al tuo caso. Appuntamenti disponibili di persona o in videoconferenza. <strong><br><\/strong><\/p>\t\t\t\t\t\t\t\t<\/div>\n\t\t\t\t<\/div>\n\t\t\t\t<div class=\"elementor-element elementor-element-64ea5f46 elementor-align-center elementor-widget elementor-widget-button\" data-id=\"64ea5f46\" data-element_type=\"widget\" data-e-type=\"widget\" data-widget_type=\"button.default\">\n\t\t\t\t<div class=\"elementor-widget-container\">\n\t\t\t\t\t\t\t\t\t<div class=\"elementor-button-wrapper\">\n\t\t\t\t\t<a class=\"elementor-button elementor-button-link elementor-size-sm\" href=\"https:\/\/www.geneva-lawyers.com\/it\/contatto\/\">\n\t\t\t\t\t\t<span class=\"elementor-button-content-wrapper\">\n\t\t\t\t\t\t\t\t\t<span class=\"elementor-button-text\">Prendi un appuntamento con un avvocato<\/span>\n\t\t\t\t\t<\/span>\n\t\t\t\t\t<\/a>\n\t\t\t\t<\/div>\n\t\t\t\t\t\t\t\t<\/div>\n\t\t\t\t<\/div>\n\t\t\t\t\t<\/div>\n\t\t<\/div>\n\t\t\t\t\t<\/div>\n\t\t<\/section>\n\t\t\t\t<\/div>\n\t\t","protected":false},"excerpt":{"rendered":"<p>Fissa un appuntamento con un avvocato Avvocato in diritto del lavoro a Ginevra Il diritto del lavoro comprende tutte le norme che regolano i rapporti contrattuali tra i dipendenti e i loro datori di lavoro. Esiste un contratto di lavoro quando il rapporto tra chi assegna il compito e chi lo esegue \u00e8 caratterizzato da &#8230; <a title=\"Avvocato di diritto del lavoro in Svizzera\" class=\"read-more\" href=\"https:\/\/www.geneva-lawyers.com\/it\/avvocato-diritto-lavoro-svizzera\/\" aria-label=\"Per saperne di pi\u00f9 su Avvocato di diritto del lavoro in Svizzera\">Leggi tutto<\/a><\/p>\n","protected":false},"author":1,"featured_media":0,"parent":0,"menu_order":0,"comment_status":"closed","ping_status":"closed","template":"elementor_header_footer","meta":{"_acf_changed":false,"_seopress_robots_primary_cat":"","_seopress_titles_title":"","_seopress_titles_desc":"","_seopress_robots_index":"","footnotes":""},"class_list":["post-30687","page","type-page","status-publish"],"acf":[],"_links":{"self":[{"href":"https:\/\/www.geneva-lawyers.com\/it\/wp-json\/wp\/v2\/pages\/30687","targetHints":{"allow":["GET"]}}],"collection":[{"href":"https:\/\/www.geneva-lawyers.com\/it\/wp-json\/wp\/v2\/pages"}],"about":[{"href":"https:\/\/www.geneva-lawyers.com\/it\/wp-json\/wp\/v2\/types\/page"}],"author":[{"embeddable":true,"href":"https:\/\/www.geneva-lawyers.com\/it\/wp-json\/wp\/v2\/users\/1"}],"replies":[{"embeddable":true,"href":"https:\/\/www.geneva-lawyers.com\/it\/wp-json\/wp\/v2\/comments?post=30687"}],"version-history":[{"count":6,"href":"https:\/\/www.geneva-lawyers.com\/it\/wp-json\/wp\/v2\/pages\/30687\/revisions"}],"predecessor-version":[{"id":33973,"href":"https:\/\/www.geneva-lawyers.com\/it\/wp-json\/wp\/v2\/pages\/30687\/revisions\/33973"}],"wp:attachment":[{"href":"https:\/\/www.geneva-lawyers.com\/it\/wp-json\/wp\/v2\/media?parent=30687"}],"curies":[{"name":"wp","href":"https:\/\/api.w.org\/{rel}","templated":true}]}}